{"id":8924,"date":"2026-08-21T18:36:42","date_gmt":"2026-08-21T18:36:42","guid":{"rendered":"https:\/\/labuenatierra.es\/"},"modified":"2026-08-21T18:38:30","modified_gmt":"2026-08-21T18:38:30","slug":"cafe-india-cuba-turquino","status":"publish","type":"product","link":"https:\/\/labuenatierra.es\/en\/product\/cafe-india-cuba-turquino","title":{"rendered":"Caf\u00e9 India Cuba Turquino"},"content":{"rendered":"<p>Caf\u00e9 equilibrado, picante, con un aroma muy rico\u00a0y un sabor que se queda mucho tiempo en la boca. Se cultiva en altitudes m\u00e1s bajas, por lo que es menos \u00e1cido que otros caf\u00e9s centroamericanos. Un caf\u00e9 picante y poco convencional para verdaderos gourmets, cuyo aroma y sabor recuerdan el car\u00e1cter de los famosos cigarros cubanos.<\/p>\n<p>Tueste: Medio<\/p>\n<p>Cuerpo: Medio-alto<\/p>\n<p>Paquetes de 100gr. Adem\u00e1s, puedes elegir si prefieres tu paquete en grano o molido.<\/p>\n<p>We can give you more information about any of our varieties in our contact section, please do not hesitate to ask us for more information. <a href=\"https:\/\/labuenatierra.es\/en\/contact\/\" target=\"_blank\" rel=\"noopener noreferrer\"><strong>here<\/strong><\/a>!<\/p>","protected":false},"excerpt":{"rendered":"<p>Caf\u00e9 equilibrado, picante, con un aroma muy rico\u00a0y un sabor que se queda mucho tiempo en la boca. Se cultiva en altitudes m\u00e1s bajas, por lo que es menos \u00e1cido que otros caf\u00e9s centroamericanos. Un caf\u00e9 picante y poco convencional para verdaderos gourmets, cuyo aroma y sabor recuerdan el car\u00e1cter de los famosos cigarros cubanos. [&hellip;]<\/p>\n","protected":false},"featured_media":8919,"template":"","meta":[],"product_brand":[],"product_cat":[91,117],"product_tag":[],"class_list":{"0":"post-8924","1":"product","2":"type-product","3":"status-publish","4":"has-post-thumbnail","6":"product_cat-cafe","7":"product_cat-cafe-de-origen","9":"first","10":"instock","11":"taxable","12":"shipping-taxable","13":"purchasable","14":"product-type-variable"},"_links":{"self":[{"href":"https:\/\/labuenatierra.es\/en\/wp-json\/wp\/v2\/product\/8924","targetHints":{"allow":["GET"]}}],"collection":[{"href":"https:\/\/labuenatierra.es\/en\/wp-json\/wp\/v2\/product"}],"about":[{"href":"https:\/\/labuenatierra.es\/en\/wp-json\/wp\/v2\/types\/product"}],"wp:featuredmedia":[{"embeddable":true,"href":"https:\/\/labuenatierra.es\/en\/wp-json\/wp\/v2\/media\/8919"}],"wp:attachment":[{"href":"https:\/\/labuenatierra.es\/en\/wp-json\/wp\/v2\/media?parent=8924"}],"wp:term":[{"taxonomy":"product_brand","embeddable":true,"href":"https:\/\/labuenatierra.es\/en\/wp-json\/wp\/v2\/product_brand?post=8924"},{"taxonomy":"product_cat","embeddable":true,"href":"https:\/\/labuenatierra.es\/en\/wp-json\/wp\/v2\/product_cat?post=8924"},{"taxonomy":"product_tag","embeddable":true,"href":"https:\/\/labuenatierra.es\/en\/wp-json\/wp\/v2\/product_tag?post=8924"}],"curies":[{"name":"wp","href":"https:\/\/api.w.org\/{rel}","templated":true}]}}